{"id":7207,"date":"2014-12-26T08:42:11","date_gmt":"2014-12-26T08:42:11","guid":{"rendered":"http:\/\/www.casessingulars.cat\/?page_id=7207"},"modified":"2026-04-13T11:02:41","modified_gmt":"2026-04-13T09:02:41","slug":"premsa","status":"publish","type":"page","link":"https:\/\/www.casessingulars.cat\/ca\/premsa\/","title":{"rendered":"Premsa"},"content":{"rendered":"<p>[vc_row][vc_column][vc_column_text]<\/p>\n<p style=\"text-align: justify;\">Diverses publicacions locals, nacionals i estrangeres -especialitzades a ensenyar interiors i exteriors dissenyats amb encant, o en parlar de selectes propostes tur\u00edstiques-, s&#8217;han fet ress\u00f2 de l&#8217;exist\u00e8ncia de les <a title=\"Cases en Venda Emporda\" href=\"\/?page_id=7421\">cases rehabilitades que tenim en venda a l&#8217;Empord\u00e0<\/a>, i ens han dedicat fant\u00e0stics reportatges que et incloem a continuaci\u00f3.<\/p>\n<p style=\"text-align: justify;\">Si ets periodista i t&#8217;agradaria realitzar un reportatge que ressalti l&#8217;arquitectura, interiorisme i exteriors d&#8217;alguna de les cases de les que disposem actualment en diversos poble de l&#8217;Empord\u00e0, simplement posa&#8217;t en contacte amb nosaltres per coordinar una visita.<\/p>\n<p>[\/vc_column_text]<hr  class=\"noo-gap\" style=\" margin: 40px 0 0 0;\">[\/vc_column][\/vc_row][vc_row][vc_column width=\u00bb1\/2&#8243;][\/vc_column][vc_column width=\u00bb1\/2&#8243;][vc_single_image image=\u00bb21267&#8243; style=\u00bbrounded\u00bb target=\u00bbtrue\u00bb link_title=\u00bbhttps:\/\/www.casessingulars.cat\/wp-content\/uploads\/2026\/04\/026-035-REPOR-Pals.pdf\u00bb href=\u00bbhttps:\/\/www.casessingulars.cat\/wp-content\/uploads\/2026\/04\/026-035-REPOR-Pals.pdf\u00bb][vc_column_text]<\/p>\n<h4 style=\"text-align: center;\"><a href=\"https:\/\/www.casessingulars.cat\/wp-content\/uploads\/2026\/04\/026-035-REPOR-Pals.pdf\">VIVIR EN EL CAMPO \u00b7 N\u00fam 184 \u00b7 ABRIL 2026<\/a><\/h4>\n<p>[\/vc_column_text][\/vc_column][\/vc_row][vc_row][vc_column]<hr  class=\"noo-gap\" >[\/vc_column][\/vc_row][vc_row][vc_column width=\u00bb1\/2&#8243;][vc_single_image image=\u00bb21003&#8243; style=\u00bbrounded\u00bb target=\u00bbtrue\u00bb link_title=\u00bbhttps:\/\/www.casessingulars.cat\/wp-content\/uploads\/2024\/09\/VIVIR_EN_EL_CAMPO_179_LA_BOVILA.pdf\u00bb href=\u00bbhttps:\/\/www.casessingulars.cat\/wp-content\/uploads\/2024\/09\/VIVIR_EN_EL_CAMPO_179_LA_BOVILA.pdf\u00bb][vc_column_text]<\/p>\n<h4 style=\"text-align: center;\"><a href=\"https:\/\/www.casessingulars.cat\/wp-content\/uploads\/2024\/09\/VIVIR_EN_EL_CAMPO_179_LA_BOVILA.pdf\">VIVIR EN EL CAMPO \u00b7 N\u00fam 179 \u00b7 SETEMBRE 2024<\/a><\/h4>\n<p>[\/vc_column_text][\/vc_column][vc_column width=\u00bb1\/2&#8243;][vc_single_image image=\u00bb20225&#8243; style=\u00bbrounded\u00bb target=\u00bbtrue\u00bb link_title=\u00bbhttps:\/\/www.casessingulars.cat\/wp-content\/uploads\/2021\/12\/056-075-REPOR-Santa.pdf\u00bb href=\u00bbhttps:\/\/www.casessingulars.cat\/wp-content\/uploads\/2021\/12\/056-075-REPOR-Santa.pdf\u00bb][vc_column_text]<\/p>\n<h4 style=\"text-align: center;\"><a href=\"https:\/\/www.casessingulars.cat\/wp-content\/uploads\/2021\/12\/056-075-REPOR-Santa.pdf\">VIVIR EN EL CAMPO \u00b7 N\u00fam 168 \u00b7 DESEMBRE 2021<\/a><\/h4>\n<p>[\/vc_column_text][\/vc_column][\/vc_row][vc_row][vc_column]<hr  class=\"noo-gap\" >[\/vc_column][\/vc_row][vc_row][vc_column width=\u00bb1\/2&#8243;][vc_single_image image=\u00bb19880&#8243; style=\u00bbrounded\u00bb target=\u00bbtrue\u00bb link_title=\u00bbhttp:\/\/www.casessingulars.cat\/wp-content\/uploads\/2019\/09\/VIVIR-EN-EL-CAMPO-158-CAN-RAJOLER-Setembre-2019_CASES_SINGULARS_EMPORDA_CAN_RAJOLER_PALS_GIRONA.pdf\u00bb href=\u00bbhttps:\/\/www.casessingulars.cat\/wp-content\/uploads\/2021\/09\/vivir_en_el_campo_167_Saus_Cases_Singulars_emporda-032-051-REPOR-Saus.pdf\u00bb][vc_column_text]<\/p>\n<h4 style=\"text-align: center;\"><a href=\"https:\/\/www.casessingulars.cat\/wp-content\/uploads\/2021\/09\/vivir_en_el_campo_167_Saus_Cases_Singulars_emporda-032-051-REPOR-Saus.pdf\">VIVIR EN EL CAMPO \u00b7 N\u00fam 167 \u00b7 SETEMBRE 2021<\/a><\/h4>\n<p>[\/vc_column_text][\/vc_column][vc_column width=\u00bb1\/2&#8243;][vc_single_image image=\u00bb19839&#8243; style=\u00bbrounded\u00bb target=\u00bbtrue\u00bb link_title=\u00bbhttp:\/\/www.casessingulars.cat\/wp-content\/uploads\/2019\/09\/VIVIR-EN-EL-CAMPO-158-CAN-RAJOLER-Setembre-2019_CASES_SINGULARS_EMPORDA_CAN_RAJOLER_PALS_GIRONA.pdf\u00bb href=\u00bbhttps:\/\/www.micasarevista.com\/casas\/a36855097\/casa-de-pueblo-rehabilitada-con-piscina\/\u00bb][vc_column_text]<\/p>\n<h4 style=\"text-align: center;\"><a href=\"https:\/\/www.micasarevista.com\/casas\/a36855097\/casa-de-pueblo-rehabilitada-con-piscina\/\">MI CASA \u00b7 JUNY 2021<\/a><\/h4>\n<p>[\/vc_column_text][\/vc_column][\/vc_row][vc_row][vc_column]<hr  class=\"noo-gap\" >[\/vc_column][\/vc_row][vc_row][vc_column width=\u00bb1\/2&#8243;][vc_single_image image=\u00bb19843&#8243; style=\u00bbrounded\u00bb target=\u00bbtrue\u00bb link_title=\u00bbhttp:\/\/www.casessingulars.cat\/wp-content\/uploads\/2019\/09\/VIVIR-EN-EL-CAMPO-158-CAN-RAJOLER-Setembre-2019_CASES_SINGULARS_EMPORDA_CAN_RAJOLER_PALS_GIRONA.pdf\u00bb href=\u00bbhttps:\/\/www.casessingulars.cat\/wp-content\/uploads\/2021\/07\/Revista-INTERIORES-on-line-22.06.21-Santa-Cristina.pdf\u00bb el_id=\u00bbhttps:\/\/www.casessingulars.cat\/wp-content\/uploads\/2021\/07\/Revista-INTERIORES-on-line-22.06.21-Santa-Cristina.pdf\u00bb][vc_column_text]<\/p>\n<h4 style=\"text-align: center;\"><a href=\"https:\/\/www.casessingulars.cat\/wp-content\/uploads\/2021\/07\/Revista-INTERIORES-on-line-22.06.21-Santa-Cristina.pdf\">INTERIORES \u00b7 JUNY 2021<\/a><\/h4>\n<p>[\/vc_column_text][\/vc_column][vc_column width=\u00bb1\/2&#8243;][vc_single_image image=\u00bb17578&#8243; target=\u00bbtrue\u00bb link_title=\u00bbhttp:\/\/www.casessingulars.cat\/wp-content\/uploads\/2019\/09\/VIVIR-EN-EL-CAMPO-158-CAN-RAJOLER-Setembre-2019_CASES_SINGULARS_EMPORDA_CAN_RAJOLER_PALS_GIRONA.pdf\u00bb href=\u00bbhttp:\/\/www.casessingulars.cat\/wp-content\/uploads\/2019\/11\/012-033-REPOR_Mas-Sunyer.pdf\u00bb][vc_column_text]<\/p>\n<h4 style=\"text-align: center;\"><a href=\"http:\/\/www.casessingulars.cat\/wp-content\/uploads\/2019\/11\/012-033-REPOR_Mas-Sunyer.pdf\">\u00a0VIVIR EN EL CAMPO \u00b7 N\u00fam 159\u00b7\u00a0NOVEMBRE 2019<\/a><\/h4>\n<p>[\/vc_column_text][\/vc_column][\/vc_row][vc_row][vc_column]<hr  class=\"noo-gap\" >[\/vc_column][\/vc_row][vc_row][vc_column width=\u00bb1\/2&#8243;][vc_single_image image=\u00bb17514&#8243; target=\u00bbtrue\u00bb link_title=\u00bbhttp:\/\/www.casessingulars.cat\/wp-content\/uploads\/2019\/09\/VIVIR-EN-EL-CAMPO-158-CAN-RAJOLER-Setembre-2019_CASES_SINGULARS_EMPORDA_CAN_RAJOLER_PALS_GIRONA.pdf\u00bb href=\u00bbhttp:\/\/www.casessingulars.cat\/wp-content\/uploads\/2019\/09\/VIVIR-EN-EL-CAMPO-158-CAN-RAJOLER-Setembre-2019_CASES_SINGULARS_EMPORDA_CAN_RAJOLER_PALS_GIRONA.pdf\u00bb][vc_column_text]<\/p>\n<h4 style=\"text-align: center;\"><a href=\"http:\/\/www.casessingulars.cat\/wp-content\/uploads\/2019\/09\/VIVIR-EN-EL-CAMPO-158-CAN-RAJOLER-Setembre-2019_CASES_SINGULARS_EMPORDA_CAN_RAJOLER_PALS_GIRONA.pdf\">\u00a0VIVIR EN EL CAMPO \u00b7 N\u00fam 158\u00b7 SETEMBRE 2019<\/a><\/h4>\n<p>[\/vc_column_text][\/vc_column][vc_column width=\u00bb1\/2&#8243;][vc_single_image image=\u00bb17504&#8243; target=\u00bbtrue\u00bb link_title=\u00bbhttp:\/\/www.casessingulars.cat\/wp-content\/uploads\/2019\/04\/VIVIR_EN_EL_CAMPO_155_marzo_2019_Abeurador_15_Pals.pdf\u00bb href=\u00bbhttp:\/\/www.casessingulars.cat\/wp-content\/uploads\/2019\/08\/MI-CASA-n\u00fam-298-Nord-1-Bellcaire.pdf\u00bb][vc_column_text]<\/p>\n<h4 style=\"text-align: center;\"><a href=\"http:\/\/www.casessingulars.cat\/wp-content\/uploads\/2019\/08\/MI-CASA-n\u00fam-298-Nord-1-Bellcaire.pdf\">\u00a0MI CASA \u00b7 N\u00fam 298\u00b7 SETEMBRE 2019<\/a><\/h4>\n<p>[\/vc_column_text][\/vc_column][\/vc_row][vc_row][vc_column]<hr  class=\"noo-gap\" >[\/vc_column][\/vc_row][vc_row][vc_column width=\u00bb1\/2&#8243;][vc_single_image image=\u00bb17499&#8243; target=\u00bbtrue\u00bb link_title=\u00bbhttp:\/\/www.casessingulars.cat\/wp-content\/uploads\/2019\/04\/VIVIR_EN_EL_CAMPO_155_marzo_2019_Abeurador_15_Pals.pdf\u00bb href=\u00bbhttp:\/\/www.casessingulars.cat\/wp-content\/uploads\/2019\/08\/CASA-VIVA-num-267-agost-2019-reduit.pdf\u00bb][vc_column_text]<\/p>\n<h4 style=\"text-align: center;\"><a href=\"http:\/\/www.casessingulars.cat\/wp-content\/uploads\/2019\/08\/CASA-VIVA-num-267-agost-2019-reduit.pdf\">\u00a0CASA VIVA \u00b7 N\u00fam 26\u00b7 AGOST 2019<\/a><\/h4>\n<p>[\/vc_column_text][\/vc_column][vc_column width=\u00bb1\/2&#8243;][vc_single_image image=\u00bb16149&#8243; target=\u00bbtrue\u00bb link_title=\u00bbhttp:\/\/www.casessingulars.cat\/wp-content\/uploads\/2019\/04\/VIVIR_EN_EL_CAMPO_155_marzo_2019_Abeurador_15_Pals.pdf\u00bb href=\u00bbhttp:\/\/www.casessingulars.cat\/wp-content\/uploads\/2019\/05\/CASA-VIVA-264-maig2019-Casa-C.Nord-1-BELLCAIRE-DEMPORDA_compressed.pdf\u00bb][vc_column_text]<\/p>\n<h4 style=\"text-align: center;\"><a href=\"http:\/\/www.casessingulars.cat\/wp-content\/uploads\/2019\/05\/CASA-VIVA-264-maig2019-Casa-C.Nord-1-BELLCAIRE-DEMPORDA_compressed.pdf\">\u00a0CASA VIVA \u00b7 N\u00fam 264\u00b7 MAIG 2019<\/a><\/h4>\n<p>[\/vc_column_text][\/vc_column][\/vc_row][vc_row][vc_column]<hr  class=\"noo-gap\" >[\/vc_column][\/vc_row][vc_row][vc_column width=\u00bb1\/2&#8243;][vc_single_image image=\u00bb15507&#8243; target=\u00bbtrue\u00bb href=\u00bbhttp:\/\/www.casessingulars.cat\/wp-content\/uploads\/2019\/01\/VIVIR-EN-EL-CAMPO-N\u00fam-154-gener-2019-compressed.pdf\u00bb][vc_column_text]<\/p>\n<h4 style=\"text-align: center;\"><a href=\"http:\/\/www.casessingulars.cat\/wp-content\/uploads\/2019\/01\/VIVIR-EN-EL-CAMPO-N\u00fam-154-gener-2019-compressed.pdf\">\u00a0VIVIR EN EL CAMPO \u00b7 N\u00fam 154\u00b7 GENER 2019<\/a><\/h4>\n<p>[\/vc_column_text][\/vc_column][vc_column width=\u00bb1\/2&#8243;][vc_single_image image=\u00bb16112&#8243; target=\u00bbtrue\u00bb link_title=\u00bbhttp:\/\/www.casessingulars.cat\/wp-content\/uploads\/2019\/04\/VIVIR_EN_EL_CAMPO_155_marzo_2019_Abeurador_15_Pals.pdf\u00bb href=\u00bbhttp:\/\/www.casessingulars.cat\/wp-content\/uploads\/2019\/04\/VIVIR_EN_EL_CAMPO_155_marzo_2019_Abeurador_15_Pals.pdf\u00bb][vc_column_text]<\/p>\n<h4 style=\"text-align: center;\"><a href=\"http:\/\/www.casessingulars.cat\/wp-content\/uploads\/2019\/04\/VIVIR_EN_EL_CAMPO_155_marzo_2019_Abeurador_15_Pals.pdf\">\u00a0VIVIR EN EL CAMPO \u00b7 N\u00fam 155\u00b7 MAR\u00c7 2019<\/a><\/h4>\n<p>[\/vc_column_text][\/vc_column][\/vc_row][vc_row][vc_column]<hr  class=\"noo-gap\" >[\/vc_column][\/vc_row][vc_row][vc_column width=\u00bb1\/2&#8243;][vc_single_image image=\u00bb12898&#8243; target=\u00bbtrue\u00bb href=\u00bbhttp:\/\/www.casessingulars.cat\/wp-content\/uploads\/2018\/01\/Arquitectura-y-Dise\u00f1o-feb2018_-Mas-Moscat.pdf\u00bb][vc_column_text]<\/p>\n<h4 style=\"text-align: center;\"><a href=\"http:\/\/www.casessingulars.cat\/wp-content\/uploads\/2018\/01\/Arquitectura-y-Dise\u00f1o-feb2018_-Mas-Moscat.pdf\">\u00a0ARQUITECTURA Y DISE\u00d1O \u00b7 FEBRER 2018<\/a><\/h4>\n<p>[\/vc_column_text][\/vc_column][vc_column width=\u00bb1\/2&#8243;][vc_single_image image=\u00bb12829&#8243; target=\u00bbtrue\u00bb href=\u00bbhttp:\/\/www.casessingulars.cat\/wp-content\/uploads\/2018\/01\/Archilovers-Best-Project-2017.pdf\u00bb][vc_column_text]<\/p>\n<h4 style=\"text-align: center;\"><a href=\"http:\/\/www.casessingulars.cat\/wp-content\/uploads\/2018\/01\/Archilovers-Best-Project-2017.pdf\">\u00a0ARCHILOVERS \u00b7 Best Project 2017\u00b7 GENER 2018<\/a><\/h4>\n<p>[\/vc_column_text][\/vc_column][\/vc_row][vc_row][vc_column]<hr  class=\"noo-gap\" >[\/vc_column][\/vc_row][vc_row][vc_column width=\u00bb1\/2&#8243;][vc_single_image image=\u00bb14988&#8243; style=\u00bbrounded\u00bb target=\u00bbtrue\u00bb href=\u00bbhttp:\/\/www.casessingulars.cat\/wp-content\/uploads\/2018\/11\/032-051_-albons_VC147.pdf\u00bb][vc_column_text]<\/p>\n<h4 style=\"text-align: center;\"><a href=\"http:\/\/www.casessingulars.cat\/wp-content\/uploads\/2018\/11\/032-051_-albons_VC147.pdf\">VIVIR EN EL CAMPO \u00b7 N\u00fam 147 \u00b7 NOVEMBRE 2017<\/a><\/h4>\n<p>[\/vc_column_text][\/vc_column][vc_column width=\u00bb1\/2&#8243;][vc_single_image image=\u00bb14980&#8243; target=\u00bbtrue\u00bb href=\u00bbhttp:\/\/www.casessingulars.cat\/wp-content\/uploads\/2018\/11\/revista_vivir_en_el_campo_146_mas_moscat_casa_masia_en_venta_cases_singulars_emporda.pdf\u00bb][vc_column_text]<\/p>\n<h4 style=\"text-align: center;\"><a href=\"http:\/\/www.casessingulars.cat\/wp-content\/uploads\/2018\/11\/revista_vivir_en_el_campo_146_mas_moscat_casa_masia_en_venta_cases_singulars_emporda.pdf\">VIVIR EN EL CAMPO \u00b7 N\u00fam 146 \u00b7 SETEMBRE 2017<\/a><\/h4>\n<p>[\/vc_column_text][\/vc_column][\/vc_row][vc_row][vc_column]<hr  class=\"noo-gap\" >[\/vc_column][\/vc_row][vc_row][vc_column width=\u00bb1\/2&#8243;][vc_single_image image=\u00bb12524&#8243; style=\u00bbrounded\u00bb target=\u00bbtrue\u00bb href=\u00bbhttp:\/\/www.casessingulars.cat\/wp-content\/uploads\/2017\/10\/DENTROCASA-Revista-italiana-Oct2017_cases_singulars_emporda.pdf\u00bb][vc_column_text]<\/p>\n<h4 style=\"text-align: center;\"><a href=\"http:\/\/www.casessingulars.cat\/wp-content\/uploads\/2017\/10\/DENTROCASA-Revista-italiana-Oct2017_cases_singulars_emporda.pdf\">Revista DENTROCASA \u00b7 SETEMBRE 2017<\/a><\/h4>\n<p>[\/vc_column_text][\/vc_column][vc_column width=\u00bb1\/2&#8243;][vc_single_image image=\u00bb12358&#8243; target=\u00bbtrue\u00bb href=\u00bbhttp:\/\/www.casessingulars.cat\/wp-content\/uploads\/2017\/09\/EL-PA\u00cdS-SEMANAL-17-sept-2017_olivera_3_A_Albons.compressed.pdf\u00bb][vc_column_text]<\/p>\n<h4 style=\"text-align: center;\"><a href=\"http:\/\/www.casessingulars.cat\/wp-content\/uploads\/2017\/09\/EL-PA\u00cdS-SEMANAL-17-sept-2017_olivera_3_A_Albons.compressed.pdf\">EL PA\u00cdS SEMANAL \u00b7 17 SETEMBRE 2017<\/a><\/h4>\n<p>[\/vc_column_text][\/vc_column][\/vc_row][vc_row][vc_column]<hr  class=\"noo-gap\" >[\/vc_column][\/vc_row][vc_row][vc_column width=\u00bb1\/2&#8243;][vc_single_image image=\u00bb11768&#8243; style=\u00bbrounded\u00bb target=\u00bbtrue\u00bb href=\u00bbhttp:\/\/www.casessingulars.cat\/wp-content\/uploads\/2017\/07\/the-spaces-Cases-Singulars-Empord\u00e0-casa-venta-Pals-Emporda.pdf\u00bb][vc_column_text]<\/p>\n<h4 style=\"text-align: center;\"><a href=\"http:\/\/www.casessingulars.cat\/wp-content\/uploads\/2017\/02\/DISE%C3%91O-INTERIOR-Num-289-Feb-289-Palau-sator-Pl.Mota-Cases-Singulars-Emporda.pdf\" target=\"_blank\" rel=\"noopener noreferrer\">THE SPACES \u00b7 JULIOL 2017<\/a><\/h4>\n<p>[\/vc_column_text][\/vc_column][vc_column width=\u00bb1\/2&#8243;][vc_single_image image=\u00bb11776&#8243; target=\u00bbtrue\u00bb href=\u00bbhttp:\/\/www.casessingulars.cat\/wp-content\/uploads\/2017\/07\/Revista-VIVIR-EN-EL-CAMPO-n\u00ba-145-Palau-sator-casa-de-pueblo-en-venta-baix-emporda-girona-cases-singulars-emporda.pdf\u00bb][vc_column_text]<\/p>\n<h4 style=\"text-align: center;\"><a href=\"http:\/\/www.casessingulars.cat\/wp-content\/uploads\/2017\/07\/Revista-VIVIR-EN-EL-CAMPO-n\u00ba-145-Palau-sator-casa-de-pueblo-en-venta-baix-emporda-girona-cases-singulars-emporda.pdf\">VIVIR EN EL CAMPO \u00b7 N\u00fam 145 \u00b7 JULIOL 2017<\/a><\/h4>\n<p>[\/vc_column_text][\/vc_column][\/vc_row][vc_row][vc_column]<hr  class=\"noo-gap\" >[\/vc_column][\/vc_row][vc_row][vc_column width=\u00bb1\/2&#8243;][vc_single_image image=\u00bb11210&#8243; style=\u00bbrounded\u00bb target=\u00bbtrue\u00bb href=\u00bbhttp:\/\/www.casessingulars.cat\/wp-content\/uploads\/2017\/03\/DIARIO-DESIGN.pdf\u00bb][vc_column_text]<\/p>\n<h4 style=\"text-align: center;\"><a href=\"http:\/\/www.casessingulars.cat\/wp-content\/uploads\/2017\/02\/DISE%C3%91O-INTERIOR-Num-289-Feb-289-Palau-sator-Pl.Mota-Cases-Singulars-Emporda.pdf\" target=\"_blank\" rel=\"noopener noreferrer\">DIARIO DESIGN \u00b7 24 MAR\u00c7 2017<\/a><\/h4>\n<p>[\/vc_column_text][\/vc_column][vc_column width=\u00bb1\/2&#8243;][vc_single_image image=\u00bb11578&#8243; target=\u00bbtrue\u00bb href=\u00bbhttp:\/\/www.casessingulars.cat\/wp-content\/uploads\/2017\/05\/Bisbantic_revista_numero1_emporda_masmoscat_casessingulars.pdf\u00bb][vc_column_text]<\/p>\n<h4 style=\"text-align: center;\"><a href=\"http:\/\/www.casessingulars.cat\/wp-content\/uploads\/2017\/05\/Bisbantic_revista_numero1_emporda_masmoscat_casessingulars.pdf\">BISBANTIC \u00b7 N\u00fam 1 \u00b7 MAIG 2017<\/a><\/h4>\n<p>[\/vc_column_text][\/vc_column][\/vc_row][vc_row][vc_column]<hr  class=\"noo-gap\" >[\/vc_column][\/vc_row][vc_row][vc_column width=\u00bb1\/2&#8243;][vc_single_image image=\u00bb11132&#8243; style=\u00bbrounded\u00bb target=\u00bbtrue\u00bb href=\u00bbhttp:\/\/www.casessingulars.cat\/wp-content\/uploads\/2017\/03\/Casa_Viva_238_cases_singulars_emporda_palau_sator_reduit-.compressed.pdf\u00bb][vc_column_text]<\/p>\n<h4 style=\"text-align: center;\"><a href=\"http:\/\/www.casessingulars.cat\/wp-content\/uploads\/2017\/03\/Casa_Viva_238_cases_singulars_emporda_palau_sator_reduit-.compressed.pdf\">CASA VIVA\u00b7 N\u00fam 238 \u00b7 Mar\u00e7 2017<\/a><\/h4>\n<p>[\/vc_column_text][\/vc_column][vc_column width=\u00bb1\/2&#8243;][vc_single_image image=\u00bb11076&#8243; style=\u00bbrounded\u00bb target=\u00bbtrue\u00bb href=\u00bbhttp:\/\/www.casessingulars.cat\/wp-content\/uploads\/2017\/02\/DISE\u00d1O-INTERIOR-Num-289-Feb-289-Palau-sator-Pl.Mota-Cases-Singulars-Emporda.pdf\u00bb][vc_column_text]<\/p>\n<h4 style=\"text-align: center;\"><a href=\"http:\/\/www.casessingulars.cat\/wp-content\/uploads\/2017\/02\/DISE%C3%91O-INTERIOR-Num-289-Feb-289-Palau-sator-Pl.Mota-Cases-Singulars-Emporda.pdf\" target=\"_blank\" rel=\"noopener noreferrer\">DISE\u00d1O INTERIOR\u00a0\u00b7 N\u00fam 289 \u00b7 Febrer 2017<\/a><\/h4>\n<p>[\/vc_column_text][\/vc_column][\/vc_row][vc_row][vc_column]<hr  class=\"noo-gap\" >[\/vc_column][\/vc_row][vc_row][vc_column width=\u00bb1\/2&#8243;][vc_single_image image=\u00bb10638&#8243; style=\u00bbrounded\u00bb target=\u00bbtrue\u00bb href=\u00bbhttp:\/\/www.casessingulars.cat\/wp-content\/uploads\/2016\/11\/CASA-VIVA-Mas-Moscat-num-235-Dic2016.pdf\u00bb][vc_column_text]<\/p>\n<h4 style=\"text-align: center;\"><a href=\"http:\/\/www.casessingulars.cat\/wp-content\/uploads\/2016\/11\/CASA-VIVA-Mas-Moscat-num-235-Dic2016.pdf\" target=\"_blank\" rel=\"noopener noreferrer\">\u00a0 CASA VIVA \u00b7 N\u00fam 235 \u00b7 Desembre 2016 <\/a><\/h4>\n<p>[\/vc_column_text][\/vc_column][vc_column width=\u00bb1\/2&#8243;][vc_single_image image=\u00bb10261&#8243; style=\u00bbrounded\u00bb target=\u00bbtrue\u00bb href=\u00bbhttp:\/\/www.casessingulars.cat\/wp-content\/uploads\/2016\/10\/La-Vanguardia-Suplement-Diners-CASES-16.10.16-1.pdf\u00bb][vc_column_text]<\/p>\n<h4 style=\"text-align: center;\"><a href=\"http:\/\/www.casessingulars.cat\/wp-content\/uploads\/2016\/10\/La-Vanguardia-Suplement-Diners-CASES-16.10.16-1.pdf\" target=\"_blank\" rel=\"noopener noreferrer\">LA VANGUARDIA \u00b7 Diners \u00b7 16 d&#8217;Octubre 2016<\/a><\/h4>\n<p>[\/vc_column_text][\/vc_column][\/vc_row][vc_row][vc_column]<hr  class=\"noo-gap\" >[\/vc_column][\/vc_row][vc_row][vc_column width=\u00bb1\/2&#8243;][vc_single_image image=\u00bb9794&#8243; style=\u00bbrounded\u00bb target=\u00bbtrue\u00bb href=\u00bbhttp:\/\/www.casessingulars.cat\/wp-content\/uploads\/2016\/09\/MI-CASA-262-SENSE-PORTADA-PETIT-.pdf\u00bb alt=\u00bbMi_casa_revista_262_Tras_Samaria_pals_cases_singulars_emporda\u00bb][vc_column_text]<\/p>\n<h4 style=\"text-align: center;\"><a href=\"http:\/\/www.casessingulars.cat\/wp-content\/uploads\/2016\/09\/MI-CASA-262-SENSE-PORTADA-PETIT-.pdf\" target=\"_blank\" rel=\"noopener noreferrer\">MI CASA \u00b7 N\u00fam 262 \u00b7 Agost 2016<\/a><\/h4>\n<p>[\/vc_column_text][\/vc_column][vc_column width=\u00bb1\/2&#8243;][vc_single_image image=\u00bb9509&#8243; style=\u00bbrounded\u00bb target=\u00bbtrue\u00bb href=\u00bbhttp:\/\/www.casessingulars.cat\/wp-content\/uploads\/2016\/05\/NUEVO_ESTILO_459_Pals_cases_singulars_emporda-.pdf\u00bb][vc_column_text]<\/p>\n<h4 style=\"text-align: center;\"><a href=\"http:\/\/www.casessingulars.cat\/wp-content\/uploads\/2016\/05\/NUEVO_ESTILO_459_Pals_cases_singulars_emporda-.pdf\" target=\"_blank\" rel=\"noopener noreferrer\">NUEVO ESTILO\u00b7 N\u00fam 459 \u00b7 Juny 2016<\/a><\/h4>\n<p>[\/vc_column_text][\/vc_column][\/vc_row][vc_row][vc_column]<hr  class=\"noo-gap\" >[\/vc_column][\/vc_row][vc_row][vc_column width=\u00bb1\/2&#8243;][vc_single_image image=\u00bb9432&#8243; style=\u00bbrounded\u00bb target=\u00bbtrue\u00bb href=\u00bbhttp:\/\/www.revistaad.es\/decoracion\/casas-ad\/articulos\/casa-en-el-pueblo-de-pals-girona-cases-singulars\/17903&#8243;][vc_column_text]<\/p>\n<h4 style=\"text-align: center;\"><a href=\"http:\/\/www.revistaad.es\/decoracion\/casas-ad\/articulos\/casa-en-el-pueblo-de-pals-girona-cases-singulars\/17903\" target=\"_blank\" rel=\"noopener noreferrer\">Revista AD Espa\u00f1a \u00b7 Abril 2016<\/a><\/h4>\n<p>[\/vc_column_text][\/vc_column][vc_column width=\u00bb1\/2&#8243;][vc_single_image image=\u00bb9382&#8243; style=\u00bbrounded\u00bb target=\u00bbtrue\u00bb href=\u00bbhttp:\/\/www.casessingulars.cat\/wp-content\/uploads\/2016\/04\/VIVIR_EN_EL_CAMPO_num_138_Tras_Samaria_14_Pals_cases_singulars_emporda.pdf\u00bb][vc_column_text]<\/p>\n<h4 style=\"text-align: center;\"><a href=\"http:\/\/www.casessingulars.cat\/wp-content\/uploads\/2016\/04\/VIVIR_EN_EL_CAMPO_num_138_Tras_Samaria_14_Pals_cases_singulars_emporda.pdf\" target=\"_blank\" rel=\"noopener noreferrer\">VIVIR EN EL CAMPO \u00b7 N\u00fam 138 \u00b7 Abril 2016<\/a><\/h4>\n<p>[\/vc_column_text][\/vc_column][\/vc_row][vc_row][vc_column]<hr  class=\"noo-gap\" >[\/vc_column][\/vc_row][vc_row][vc_column width=\u00bb1\/2&#8243;][vc_single_image image=\u00bb9020&#8243; style=\u00bbrounded\u00bb target=\u00bbtrue\u00bb link_title=\u00bbhttp:\/\/www.casessingulars.cat\/wp-content\/uploads\/2014\/12\/Arquitectura_y_Diseno_num_179_Marzo_2016_casa_-en_venta_pals_emporda_costa_brava_Samaria_551.pdf\u00bb alt=\u00bbArquitectura_y_Diseno_num_179_Marzo_2016_casa_en_venta_pals_Samaria_55_cases_singulars_emporda\u00bb href=\u00bbhttp:\/\/www.casessingulars.cat\/wp-content\/uploads\/2014\/12\/Arquitectura_y_Diseno_num_179_Marzo_2016_casa_-en_venta_pals_emporda_costa_brava_Samaria_551.pdf\u00bb][vc_column_text]<\/p>\n<h4 style=\"text-align: center;\"><a href=\"http:\/\/www.casessingulars.cat\/wp-content\/uploads\/2014\/12\/Arquitectura_y_Diseno_num_179_Marzo_2016_casa_-en_venta_pals_emporda_costa_brava_Samaria_551.pdf\" target=\"_blank\" rel=\"noopener noreferrer\">ARQUITECTURA Y DISE\u00d1O\u00b7 N\u00fam \u00a0179 \u00b7 Mar\u00e7 \u00a02016<\/a><\/h4>\n<p>[\/vc_column_text][\/vc_column][vc_column width=\u00bb1\/2&#8243;][vc_single_image image=\u00bb9072&#8243; style=\u00bbrounded\u00bb target=\u00bbtrue\u00bb href=\u00bbhttp:\/\/www.casessingulars.cat\/wp-content\/uploads\/2016\/03\/Casa_Campo_263_marzo_2016_Casa_venta_Pals_Emporda_Cases_Singulars.pdf\u00bb][vc_column_text]<\/p>\n<h4 style=\"text-align: center;\"><a href=\"http:\/\/www.casessingulars.cat\/wp-content\/uploads\/2016\/03\/Casa_Campo_263_marzo_2016_Casa_venta_Pals_Emporda_Cases_Singulars.pdf\" target=\"_blank\" rel=\"noopener noreferrer\">CASA &amp; CAMPO \u00b7 N\u00fam 263 \u00b7 Mar\u00e7 2016<\/a><\/h4>\n<p>[\/vc_column_text][\/vc_column][\/vc_row][vc_row][vc_column]<hr  class=\"noo-gap\" >[\/vc_column][\/vc_row][vc_row][vc_column width=\u00bb1\/2&#8243;][vc_single_image image=\u00bb9036&#8243; style=\u00bbrounded\u00bb target=\u00bbtrue\u00bb link_title=\u00bbDISE\u00d1O_INTERIOR_NUM_279_Contemporanea_tradicion_samaria_34_Pals\u00bb alt=\u00bbDISE\u00d1O_INTERIOR_NUM_279_Contemporanea_tradicion_samaria_34_Pals_cases_singulars_emporda\u00bb href=\u00bbhttp:\/\/www.casessingulars.cat\/wp-content\/uploads\/2016\/03\/DISENO_INTERIOR_NUM_279_Contemporanea_tradicion_samaria_34_Pals.pdf\u00bb][vc_column_text]<\/p>\n<h4 style=\"text-align: center;\"><a href=\"http:\/\/www.casessingulars.cat\/wp-content\/uploads\/2016\/02\/DISE\u00d1O_INTERIOR_NUM_279_Contemporanea_tradicion_samaria_34_Pals.pdf\" target=\"_blank\" rel=\"noopener noreferrer\">DISE\u00d1O INTERIOR \u00b7 N\u00fam 279 \u00b7 Febrer 2016<\/a><\/h4>\n<p>[\/vc_column_text][\/vc_column][vc_column width=\u00bb1\/2&#8243;][vc_single_image image=\u00bb9001&#8243; style=\u00bbrounded\u00bb target=\u00bbtrue\u00bb link_title=\u00bbCASA_VIVA_225_FEBRERO_2016_Pals_Cases_singulars_Emporda_samaria_34&#8243; alt=\u00bbCASA_VIVA_225_FEBRERO_2016_Pals_Cases_singulars_Emporda_samaria_34&#8243; href=\u00bbhttp:\/\/www.casessingulars.cat\/wp-content\/uploads\/2016\/02\/CASA_VIVA_225_-FEBRERo_2016_Pals_Cases_singulars_Emporda.pdf\u00bb][vc_column_text]<\/p>\n<h4 style=\"text-align: center;\"><a href=\"http:\/\/www.casessingulars.cat\/wp-content\/uploads\/2016\/02\/CASA_VIVA_225_-FEBRERo_2016_Pals_Cases_singulars_Emporda.pdf\" target=\"_blank\" rel=\"noopener noreferrer\">CASA VIVA \u00b7 N\u00fam \u00a0225 \u00b7 Febrer 2016<\/a><\/h4>\n<p>[\/vc_column_text][\/vc_column][\/vc_row][vc_row][vc_column]<hr  class=\"noo-gap\" >[\/vc_column][\/vc_row][vc_row][vc_column width=\u00bb1\/2&#8243;][vc_single_image image=\u00bb8849&#8243; style=\u00bbrounded\u00bb target=\u00bbtrue\u00bb href=\u00bbhttp:\/\/www.casessingulars.cat\/wp-content\/uploads\/2015\/11\/Diners-La-Vanguardia-8.11.compressed.pdf\u00bb][vc_column_text]<\/p>\n<h4 style=\"text-align: center;\"><a href=\"http:\/\/www.casessingulars.cat\/wp-content\/uploads\/2015\/11\/Diners-La-Vanguardia-8.11.compressed.pdf\" target=\"_blank\" rel=\"noopener noreferrer\">La Vanguardia \u00b7 Diners \u00b7 8 novembre 2015<\/a><\/h4>\n<p>[\/vc_column_text][\/vc_column][vc_column width=\u00bb1\/2&#8243;][vc_single_image image=\u00bb9041&#8243; style=\u00bbrounded\u00bb target=\u00bbtrue\u00bb href=\u00bbhttp:\/\/www.casessingulars.cat\/wp-content\/uploads\/2016\/03\/VIVIR_EN_EL_CAMPO_num_135_Claves_para_actualizar_el_estilo_rustico_SAMARIA_55_Cases_Singulars.-pdf.pdf\u00bb][vc_column_text]<\/p>\n<h4 style=\"text-align: center;\"><a href=\"http:\/\/www.casessingulars.cat\/wp-content\/uploads\/2016\/03\/VIVIR_EN_EL_CAMPO_num_135_Claves_para_actualizar_el_estilo_rustico_SAMARIA_55_Cases_Singulars.-pdf.pdf\" target=\"_blank\" rel=\"noopener noreferrer\">VIVIR EN EL CAMPO \u00b7 N\u00fam 135 \u00b7 Novembre 2015<\/a><\/h4>\n<p>[\/vc_column_text][\/vc_column][\/vc_row][vc_row][vc_column]<hr  class=\"noo-gap\" >[\/vc_column][\/vc_row][vc_row][vc_column width=\u00bb1\/2&#8243;][vc_single_image image=\u00bb9048&#8243; style=\u00bbrounded\u00bb target=\u00bbtrue\u00bb href=\u00bbhttp:\/\/www.casessingulars.cat\/wp-content\/uploads\/2015\/10\/Vivir_en_el_Campo_num_134_Sam\u00e0ria_34_Pals_Cases_Singulars_de_Emporda.pdf\u00bb][vc_column_text]<\/p>\n<h4 style=\"text-align: center;\"><a href=\"http:\/\/www.casessingulars.cat\/wp-content\/uploads\/2015\/10\/Vivir_en_el_Campo_num_134_Sam\u00e0ria_34_Pals_Cases_Singulars_de_Emporda.pdf\" target=\"_blank\" rel=\"noopener noreferrer\">VIVIR EN EL CAMPO \u00b7 N\u00fam 134\u00b7 Octubre 2015<\/a><\/h4>\n<p>[\/vc_column_text][\/vc_column][vc_column width=\u00bb1\/2&#8243;][vc_single_image image=\u00bb8512&#8243; style=\u00bbrounded\u00bb target=\u00bbtrue\u00bb link_title=\u00bbVIVIR EN EL CAMPO \u00b7 N\u00fam 133 \u00b7 Setembre 2015&#8243; href=\u00bbhttp:\/\/www.casessingulars.cat\/wp-content\/uploads\/2015\/09\/VIVIR-EN-EL-CAMPO-num-133-septiembre-2015-La-Torre-Pals-emporda.pdf\u00bb][vc_column_text]<\/p>\n<h4 style=\"text-align: center;\"><a href=\"http:\/\/www.casessingulars.cat\/wp-content\/uploads\/2015\/09\/VIVIR-EN-EL-CAMPO-num-133-septiembre-2015-La-Torre-Pals-emporda.pdf\" target=\"_blank\" rel=\"noopener noreferrer\">VIVIR EN EL CAMPO \u00b7 N\u00fam 133 \u00b7 Setembre 2015<\/a><\/h4>\n<p>[\/vc_column_text][\/vc_column][\/vc_row][vc_row][vc_column]<hr  class=\"noo-gap\" >[\/vc_column][\/vc_row][vc_row][vc_column width=\u00bb1\/2&#8243;][vc_single_image image=\u00bb8508&#8243; style=\u00bbrounded\u00bb target=\u00bbtrue\u00bb href=\u00bbhttp:\/\/www.casessingulars.cat\/wp-content\/uploads\/2014\/12\/MICASA-num251-sept2015-casa-samaria-55-pals-emporda.pdf\u00bb][vc_column_text]<\/p>\n<h4 style=\"text-align: center;\"><a href=\"http:\/\/www.casessingulars.cat\/wp-content\/uploads\/2014\/12\/MICASA-num251-sept2015-casa-samaria-55-pals-emporda.pdf\" target=\"_blank\" rel=\"noopener noreferrer\">MI CASA \u00b7 N\u00fam 251 \u00b7 Setembre 2015<\/a><\/h4>\n<p>[\/vc_column_text][\/vc_column][vc_column width=\u00bb1\/2&#8243;][vc_single_image image=\u00bb8524&#8243; style=\u00bbrounded\u00bb target=\u00bbtrue\u00bb link_title=\u00bbEL PERIODICO \u00b7 Dominical \u00b7 23 d&#8217;agost 2015&#8243; href=\u00bbhttp:\/\/www.casessingulars.cat\/wp-content\/uploads\/2015\/09\/El_Periodico_DOMINICAL_-23.08.15_CAT_-la_torre_4.pdf\u00bb][vc_column_text]<\/p>\n<h4 style=\"text-align: center;\"><a href=\"http:\/\/www.casessingulars.cat\/wp-content\/uploads\/2015\/09\/El_Periodico_DOMINICAL_-23.08.15_CAT_-la_torre_4.pdf\">EL PERIODICO \u00b7 Dominical \u00b7 23 d&#8217;agost 2015<\/a><\/h4>\n<p>[\/vc_column_text][\/vc_column][\/vc_row][vc_row][vc_column]<hr  class=\"noo-gap\" >[\/vc_column][\/vc_row][vc_row][vc_column width=\u00bb1\/2&#8243;][vc_single_image image=\u00bb9053&#8243; target=\u00bbtrue\u00bb link_title=\u00bbCASAS DE CAMPO N\u00fam 135 Reportatge Cases Singulars de L&#8217; Empord\u00e0 Agost 2015&#8243; alt=\u00bbCASAS DE CAMPO N\u00fam 135 Agost 2015&#8243; href=\u00bbhttp:\/\/www.casessingulars.cat\/wp-content\/uploads\/2016\/03\/CASAS_DE_CAMPO_agost_2015_num_135_cases_singulars_emporda_web-.pdf\u00bb][vc_column_text]<\/p>\n<h4 style=\"text-align: center;\"><a title=\"MiCasa Desembre 2012\" href=\"http:\/\/www.casessingulars.cat\/wp-content\/uploads\/2015\/01\/micasa-cases-singulars.pdf\" target=\"_blank\" rel=\"noopener noreferrer\">C<\/a>ASAS DE\u00a0CAMPO N\u00fam 135 Agost 2015<\/h4>\n<p>[\/vc_column_text][\/vc_column][vc_column width=\u00bb1\/2&#8243;][vc_single_image image=\u00bb8418&#8243; target=\u00bbtrue\u00bb href=\u00bbhttp:\/\/www.casessingulars.cat\/wp-content\/uploads\/2015\/07\/Revista-AltoStanding-agosto2015.pdf\u00bb][vc_column_text]<\/p>\n<h4><a href=\"http:\/\/www.casessingulars.cat\/wp-content\/uploads\/2015\/07\/Revista-AltoStanding-agosto2015.pdf\" target=\"_blank\" rel=\"noopener noreferrer\">ALTO STANDING \u00b7 Agost 2015<\/a><\/h4>\n<p>[\/vc_column_text][\/vc_column][\/vc_row][vc_row][vc_column]<hr  class=\"noo-gap\" >[\/vc_column][\/vc_row][vc_row][vc_column width=\u00bb1\/2&#8243;][vc_single_image image=\u00bb8396&#8243; style=\u00bbrounded\u00bb target=\u00bbtrue\u00bb link_title=\u00bbDISSENY INTERIOR MAIG 2015&#8243; alt=\u00bbDIARIO DESIGN &#8211; Samaria 55 &#8211; MAIG 2015&#8243; href=\u00bbhttp:\/\/www.casessingulars.cat\/wp-content\/uploads\/2015\/05\/Diseno-Interior-num-217-mayo-2015.pdf\u00bb][vc_column_text]<\/p>\n<h4 style=\"text-align: center;\"><a title=\"DIARIO DESIGN - Samaria 55 - Mayo 2015\" href=\"http:\/\/www.casessingulars.cat\/wp-content\/uploads\/2015\/07\/Diario-design-Samaria-55-martes-260515.pdf\" target=\"_blank\" rel=\"noopener noreferrer\">DIARIO DESIGN &#8211; Samaria 55 &#8211; MAIG 2015<\/a><\/h4>\n<p>[\/vc_column_text][\/vc_column][vc_column width=\u00bb1\/2&#8243;][vc_single_image image=\u00bb8386&#8243; target=\u00bbtrue\u00bb link_title=\u00bbDIARI SINGULARS MAIG 2015&#8243; alt=\u00bbDIARI SINGULARS MAIG 2015&#8243; href=\u00bbhttp:\/\/www.casessingulars.cat\/wp-content\/uploads\/2015\/05\/Diari_singulars_maig2015.pdf\u00bb][vc_column_text]<\/p>\n<h4 style=\"text-align: center;\"><a title=\"DIARI SINGULARS MAIG 2015\" href=\"http:\/\/www.casessingulars.cat\/wp-content\/uploads\/2015\/05\/Diari_singulars_maig2015.pdf\" target=\"_blank\" rel=\"noopener noreferrer\">DIARI SINGULARS MAIG 2015<\/a><\/h4>\n<p>[\/vc_column_text][\/vc_column][\/vc_row][vc_row][vc_column]<hr  class=\"noo-gap\" >[\/vc_column][\/vc_row][vc_row][vc_column width=\u00bb1\/2&#8243;][vc_single_image image=\u00bb8373&#8243; style=\u00bbrounded\u00bb target=\u00bbtrue\u00bb link_title=\u00bbDISSENY INTERIOR Maig 2015&#8243; alt=\u00bbDISSENY INTERIOR Maig 2015&#8243; href=\u00bbhttp:\/\/www.casessingulars.cat\/wp-content\/uploads\/2015\/05\/Diseno-Interior-num-217-mayo-2015.pdf\u00bb][vc_column_text]<\/p>\n<h4 style=\"text-align: center;\"><a title=\"DISSENY INTERIOR Maig 2015\" href=\"http:\/\/www.casessingulars.cat\/wp-content\/uploads\/2015\/05\/Diseno-Interior-num-217-mayo-2015.pdf\" target=\"_blank\" rel=\"noopener noreferrer\">DISSENY INTERIOR &#8211; MAIG 2015<\/a><\/h4>\n<p>[\/vc_column_text][\/vc_column][vc_column width=\u00bb1\/2&#8243;][vc_single_image image=\u00bb8361&#8243; style=\u00bbrounded\u00bb target=\u00bbtrue\u00bb alt=\u00bbLa Vanguardia &#8211; Diners &#8211; Identitat Rural\u00bb href=\u00bbhttp:\/\/www.casessingulars.cat\/wp-content\/uploads\/2015\/05\/LA-VANGUARDIA-DINERS-Identitat-rural_10-05-15-CAT.pdf\u00bb][vc_column_text]<\/p>\n<h4 style=\"text-align: center;\"><a title=\"LA VANGUARDIA MAIG 2015\" href=\"http:\/\/www.casessingulars.cat\/wp-content\/uploads\/2015\/05\/LA-VANGUARDIA-DINERS-Identitat-rural_10-05-15-CAT.pdf\" target=\"_blank\" rel=\"noopener noreferrer\">LA VANGUARDIA MAIG 2015<\/a><\/h4>\n<p>[\/vc_column_text][\/vc_column][\/vc_row][vc_row][vc_column]<hr  class=\"noo-gap\" >[\/vc_column][\/vc_row][vc_row][vc_column width=\u00bb1\/2&#8243;][vc_single_image image=\u00bb8377&#8243; style=\u00bbrounded\u00bb target=\u00bbtrue\u00bb alt=\u00bbCASA &amp; CAMP &#8211; Febrer 2015&#8243; href=\u00bbhttp:\/\/www.casessingulars.cat\/wp-content\/uploads\/2015\/05\/Revista-CASA-y-CAMPO-num-250-febrero-2015.pdf\u00bb][vc_column_text]<\/p>\n<h4 style=\"text-align: center;\"><a title=\"CASA &amp; CAMP Febrer 2015\" href=\"http:\/\/www.casessingulars.cat\/wp-content\/uploads\/2015\/05\/Revista-CASA-y-CAMPO-num-250-febrero-2015.pdf\" target=\"_blank\" rel=\"noopener noreferrer\">CASA &amp; CAMP &#8211; FEBRER 2015<\/a><\/h4>\n<p>[\/vc_column_text][\/vc_column][vc_column width=\u00bb1\/2&#8243;][vc_single_image image=\u00bb7323&#8243; style=\u00bbrounded\u00bb target=\u00bbtrue\u00bb link_title=\u00bbDiario Design Juny 2013&#8243; alt=\u00bbDiario Design Juny 2013&#8243; href=\u00bbhttp:\/\/www.casessingulars.cat\/wp-content\/uploads\/2015\/01\/diariodesign-La-cuidada-ampliacion-del-hotel-Gran-Claustre-en-Altafulla-obra-de-Gloria-Duran.pdf\u00bb][vc_column_text]<\/p>\n<h4 style=\"text-align: center;\"><a title=\"Diario Design Juny 2013\" href=\"http:\/\/www.casessingulars.cat\/wp-content\/uploads\/2015\/01\/diariodesign-La-cuidada-ampliacion-del-hotel-Gran-Claustre-en-Altafulla-obra-de-Gloria-Duran.pdf\" target=\"_blank\" rel=\"noopener noreferrer\">DIARIO DESIGN JUNY 2013<\/a><\/h4>\n<p>[\/vc_column_text][\/vc_column][\/vc_row][vc_row][vc_column]<hr  class=\"noo-gap\" >[\/vc_column][\/vc_row][vc_row][vc_column width=\u00bb1\/2&#8243;][vc_single_image image=\u00bb7329&#8243; style=\u00bbrounded\u00bb target=\u00bbtrue\u00bb link_title=\u00bbRevista Pals Turisme Juny 2013&#8243; alt=\u00bbRevista Pals Turisme Juny 2013&#8243; href=\u00bbhttp:\/\/www.casessingulars.cat\/wp-content\/uploads\/2015\/01\/PALS-TURISME-juny-2013.pdf\u00bb][vc_column_text]<\/p>\n<h4 style=\"text-align: center;\"><a title=\"Revista Pals Turisme Juny 2013\" href=\"http:\/\/www.casessingulars.cat\/wp-content\/uploads\/2015\/01\/PALS-TURISME-juny-2013.pdf\" target=\"_blank\" rel=\"noopener noreferrer\">REVISTA PALS TURISME JUNY 2013<\/a><\/h4>\n<p>[\/vc_column_text][\/vc_column][vc_column width=\u00bb1\/2&#8243;][vc_single_image image=\u00bb7322&#8243; style=\u00bbrounded\u00bb target=\u00bbtrue\u00bb link_title=\u00bbDiario Design Abril 2013&#8243; alt=\u00bbDiario Design Abril 2013&#8243; href=\u00bbhttp:\/\/www.casessingulars.cat\/wp-content\/uploads\/2015\/01\/diariodesign-La-respetuosa-rehabilitacion-contemporanea-de-una-casa-de-pueblo-en-L-Emporda-por-Gloria-Duran.pdf\u00bb][vc_column_text]<\/p>\n<h4 style=\"text-align: center;\"><a title=\"Diario Design Abril 2013\" href=\"http:\/\/www.casessingulars.cat\/wp-content\/uploads\/2015\/01\/diariodesign-La-respetuosa-rehabilitacion-contemporanea-de-una-casa-de-pueblo-en-L-Emporda-por-Gloria-Duran.pdf\" target=\"_blank\" rel=\"noopener noreferrer\">DIARIO DESIGN ABRIL 2013<\/a><\/h4>\n<p>[\/vc_column_text][\/vc_column][\/vc_row][vc_row][vc_column]<hr  class=\"noo-gap\" >[\/vc_column][\/vc_row][vc_row][vc_column width=\u00bb1\/2&#8243;][vc_single_image image=\u00bb7324&#8243; style=\u00bbrounded\u00bb target=\u00bbtrue\u00bb link_title=\u00bbKindDesign Gener 2013&#8243; alt=\u00bbKindDesign Gener 2013&#8243; href=\u00bbhttp:\/\/www.casessingulars.cat\/wp-content\/uploads\/2015\/01\/onekinddesign-Beautifully-restored-refuge-in-Costa-Brava.pdf\u00bb][vc_column_text]<\/p>\n<h4 style=\"text-align: center;\"><a title=\"KindDesign Gener 2013\" href=\"http:\/\/www.casessingulars.cat\/wp-content\/uploads\/2015\/01\/onekinddesign-Beautifully-restored-refuge-in-Costa-Brava.pdf\" target=\"_blank\" rel=\"noopener noreferrer\">KINDDESIGN GENER 2013<\/a><\/h4>\n<p>[\/vc_column_text][\/vc_column][vc_column width=\u00bb1\/2&#8243;][vc_single_image image=\u00bb7326&#8243; style=\u00bbrounded\u00bb target=\u00bbtrue\u00bb link_title=\u00bbMaterialicious Gener 2013&#8243; alt=\u00bbMaterialicious Gener 2013&#8243; href=\u00bbhttp:\/\/www.casessingulars.cat\/wp-content\/uploads\/2015\/01\/materialicious-Restored-Refuge-in-Costa-Brava-by-Gloria-Duran-Torrellas.jpg\u00bb][vc_column_text]<\/p>\n<h4 style=\"text-align: center;\"><a title=\"Materialicious Gener 2013\" href=\"http:\/\/www.casessingulars.cat\/wp-content\/uploads\/2015\/01\/materialicious-Restored-Refuge-in-Costa-Brava-by-Gloria-Duran-Torrellas.jpg\" target=\"_blank\" rel=\"noopener noreferrer\">MATERIALICIOUS GENER 2013<\/a><\/h4>\n<p>[\/vc_column_text][\/vc_column][\/vc_row][vc_row][vc_column]<hr  class=\"noo-gap\" >[\/vc_column][\/vc_row][vc_row][vc_column width=\u00bb1\/2&#8243;][vc_single_image image=\u00bb7328&#8243; target=\u00bbtrue\u00bb link_title=\u00bbMiCasa Desembre 2012&#8243; alt=\u00bbMiCasa Desembre 2012&#8243; href=\u00bbhttp:\/\/www.casessingulars.cat\/wp-content\/uploads\/2015\/01\/micasa-cases-singulars.pdf\u00bb][vc_column_text]<\/p>\n<h4 style=\"text-align: center;\"><a title=\"MiCasa Desembre 2012\" href=\"http:\/\/www.casessingulars.cat\/wp-content\/uploads\/2015\/01\/micasa-cases-singulars.pdf\" target=\"_blank\" rel=\"noopener noreferrer\">MICASA DESEMBRE 2012<\/a><\/h4>\n<p>[\/vc_column_text][\/vc_column][vc_column width=\u00bb1\/2&#8243;][vc_single_image image=\u00bb7325&#8243; onclick=\u00bbcustom_link\u00bb style=\u00bbrounded\u00bb target=\u00bbtrue\u00bb link_title=\u00bbhttp:\/\/www.casessingulars.cat\/wp-content\/uploads\/2015\/01\/vanguardiacat1.pdf\u00bb alt=\u00bbLa Vanguardia Octubre 2012&#8243; href=\u00bbhttp:\/\/www.casessingulars.cat\/wp-content\/uploads\/2015\/01\/vanguardiacat1.pdf\u00bb link=\u00bbhttp:\/\/www.casessingulars.cat\/wp-content\/uploads\/2015\/01\/vanguardiacat1.pdf\u00bb][vc_column_text]<\/p>\n<h4 style=\"text-align: center;\"><a title=\"La Vanguardia Octubre 2012\" href=\"http:\/\/www.casessingulars.cat\/wp-content\/uploads\/2015\/01\/vanguardiacat1.pdf\" target=\"_blank\" rel=\"noopener noreferrer\">LA VANGUARDIA OCTUBRE 2012<\/a><\/h4>\n<p>[\/vc_column_text][\/vc_column][\/vc_row]<\/p>\n","protected":false},"excerpt":{"rendered":"<p>[vc_row][vc_column][vc_column_text] Diverses publicacions locals, nacionals i estrangeres -especialitzades a ensenyar interiors i exteriors dissenyats amb encant, o en parlar de selectes propostes tur\u00edstiques-, s&#8217;han fet ress\u00f2 de l&#8217;exist\u00e8ncia de les cases rehabilitades que tenim en venda a l&#8217;Empord\u00e0, i ens han dedicat fant\u00e0stics reportatges que et incloem a continuaci\u00f3. Si ets periodista i t&#8217;agradaria realitzar un reportatge que ressalti l&#8217;arquitectura,&#8230;<\/p>\n<div><a href=\"https:\/\/www.casessingulars.cat\/ca\/premsa\/\" class=\"read-more\">Read More <i class=\"fa fa-arrow-circle-o-right\"><\/i><\/a><\/div>\n","protected":false},"author":1,"featured_media":0,"parent":0,"menu_order":0,"comment_status":"open","ping_status":"closed","template":"","meta":{"rs_blank_template":"","rs_page_bg_color":"","slide_template_v7":"","footnotes":""},"class_list":["post-7207","page","type-page","status-publish","hentry","no-featured"],"aioseo_notices":[],"aioseo_head":"\n\t\t<!-- All in One SEO 4.9.10 - aioseo.com -->\n\t<meta name=\"description\" content=\"Diverses publicacions locals, nacionals i estrangeres -especialitzades a ensenyar interiors i exteriors dissenyats amb encant, o en parlar de selectes propostes tur\u00edstiques-, s\u2019han fet ress\u00f2 de l\u2019exist\u00e8ncia de les cases rehabilitades que tenim en venda a l\u2019Empord\u00e0, i ens han dedicat fant\u00e0stics reportatges que et incloem a continuaci\u00f3. Si ets periodista i t\u2019agradaria realitzar un\" \/>\n\t<meta name=\"robots\" content=\"max-image-preview:large\" \/>\n\t<link rel=\"canonical\" href=\"https:\/\/www.casessingulars.cat\/ca\/premsa\/\" \/>\n\t<meta name=\"generator\" content=\"All in One SEO (AIOSEO) 4.9.10\" \/>\n\t\t<meta property=\"og:locale\" content=\"ca_ES\" \/>\n\t\t<meta property=\"og:site_name\" content=\"Cases Singulars de l&#039;Empord\u00e0 |\" \/>\n\t\t<meta property=\"og:type\" content=\"article\" \/>\n\t\t<meta property=\"og:title\" content=\"Premsa | Cases Singulars de l&#039;Empord\u00e0\" \/>\n\t\t<meta property=\"og:description\" content=\"Diverses publicacions locals, nacionals i estrangeres -especialitzades a ensenyar interiors i exteriors dissenyats amb encant, o en parlar de selectes propostes tur\u00edstiques-, s\u2019han fet ress\u00f2 de l\u2019exist\u00e8ncia de les cases rehabilitades que tenim en venda a l\u2019Empord\u00e0, i ens han dedicat fant\u00e0stics reportatges que et incloem a continuaci\u00f3. Si ets periodista i t\u2019agradaria realitzar un\" \/>\n\t\t<meta property=\"og:url\" content=\"https:\/\/www.casessingulars.cat\/ca\/premsa\/\" \/>\n\t\t<meta property=\"article:published_time\" content=\"2014-12-26T08:42:11+00:00\" \/>\n\t\t<meta property=\"article:modified_time\" content=\"2026-04-13T09:02:41+00:00\" \/>\n\t\t<meta name=\"twitter:card\" content=\"summary\" \/>\n\t\t<meta name=\"twitter:title\" content=\"Premsa | Cases Singulars de l&#039;Empord\u00e0\" \/>\n\t\t<meta name=\"twitter:description\" content=\"Diverses publicacions locals, nacionals i estrangeres -especialitzades a ensenyar interiors i exteriors dissenyats amb encant, o en parlar de selectes propostes tur\u00edstiques-, s\u2019han fet ress\u00f2 de l\u2019exist\u00e8ncia de les cases rehabilitades que tenim en venda a l\u2019Empord\u00e0, i ens han dedicat fant\u00e0stics reportatges que et incloem a continuaci\u00f3. Si ets periodista i t\u2019agradaria realitzar un\" \/>\n\t\t<script type=\"application\/ld+json\" class=\"aioseo-schema\">\n\t\t\t{\"@context\":\"https:\\\/\\\/schema.org\",\"@graph\":[{\"@type\":\"BreadcrumbList\",\"@id\":\"https:\\\/\\\/www.casessingulars.cat\\\/ca\\\/premsa\\\/#breadcrumblist\",\"itemListElement\":[{\"@type\":\"ListItem\",\"@id\":\"https:\\\/\\\/www.casessingulars.cat\\\/ca\\\/#listItem\",\"position\":1,\"name\":\"Inicio\",\"item\":\"https:\\\/\\\/www.casessingulars.cat\\\/ca\\\/\",\"nextItem\":{\"@type\":\"ListItem\",\"@id\":\"https:\\\/\\\/www.casessingulars.cat\\\/ca\\\/premsa\\\/#listItem\",\"name\":\"Premsa\"}},{\"@type\":\"ListItem\",\"@id\":\"https:\\\/\\\/www.casessingulars.cat\\\/ca\\\/premsa\\\/#listItem\",\"position\":2,\"name\":\"Premsa\",\"previousItem\":{\"@type\":\"ListItem\",\"@id\":\"https:\\\/\\\/www.casessingulars.cat\\\/ca\\\/#listItem\",\"name\":\"Inicio\"}}]},{\"@type\":\"Organization\",\"@id\":\"https:\\\/\\\/www.casessingulars.cat\\\/ca\\\/#organization\",\"name\":\"Cases Singulars de l'Empord\\u00e0\",\"url\":\"https:\\\/\\\/www.casessingulars.cat\\\/ca\\\/\"},{\"@type\":\"WebPage\",\"@id\":\"https:\\\/\\\/www.casessingulars.cat\\\/ca\\\/premsa\\\/#webpage\",\"url\":\"https:\\\/\\\/www.casessingulars.cat\\\/ca\\\/premsa\\\/\",\"name\":\"Premsa | Cases Singulars de l'Empord\\u00e0\",\"description\":\"Diverses publicacions locals, nacionals i estrangeres -especialitzades a ensenyar interiors i exteriors dissenyats amb encant, o en parlar de selectes propostes tur\\u00edstiques-, s\\u2019han fet ress\\u00f2 de l\\u2019exist\\u00e8ncia de les cases rehabilitades que tenim en venda a l\\u2019Empord\\u00e0, i ens han dedicat fant\\u00e0stics reportatges que et incloem a continuaci\\u00f3. Si ets periodista i t\\u2019agradaria realitzar un\",\"inLanguage\":\"ca\",\"isPartOf\":{\"@id\":\"https:\\\/\\\/www.casessingulars.cat\\\/ca\\\/#website\"},\"breadcrumb\":{\"@id\":\"https:\\\/\\\/www.casessingulars.cat\\\/ca\\\/premsa\\\/#breadcrumblist\"},\"datePublished\":\"2014-12-26T08:42:11+01:00\",\"dateModified\":\"2026-04-13T11:02:41+02:00\"},{\"@type\":\"WebSite\",\"@id\":\"https:\\\/\\\/www.casessingulars.cat\\\/ca\\\/#website\",\"url\":\"https:\\\/\\\/www.casessingulars.cat\\\/ca\\\/\",\"name\":\"Cases Singulars de l'Empord\\u00e0\",\"inLanguage\":\"ca\",\"publisher\":{\"@id\":\"https:\\\/\\\/www.casessingulars.cat\\\/ca\\\/#organization\"}}]}\n\t\t<\/script>\n\t\t<!-- All in One SEO -->\n\n","aioseo_head_json":{"title":"Premsa | Cases Singulars de l'Empord\u00e0","description":"Diverses publicacions locals, nacionals i estrangeres -especialitzades a ensenyar interiors i exteriors dissenyats amb encant, o en parlar de selectes propostes tur\u00edstiques-, s\u2019han fet ress\u00f2 de l\u2019exist\u00e8ncia de les cases rehabilitades que tenim en venda a l\u2019Empord\u00e0, i ens han dedicat fant\u00e0stics reportatges que et incloem a continuaci\u00f3. Si ets periodista i t\u2019agradaria realitzar un","canonical_url":"https:\/\/www.casessingulars.cat\/ca\/premsa\/","robots":"max-image-preview:large","keywords":"","webmasterTools":{"miscellaneous":""},"schema":{"@context":"https:\/\/schema.org","@graph":[{"@type":"BreadcrumbList","@id":"https:\/\/www.casessingulars.cat\/ca\/premsa\/#breadcrumblist","itemListElement":[{"@type":"ListItem","@id":"https:\/\/www.casessingulars.cat\/ca\/#listItem","position":1,"name":"Inicio","item":"https:\/\/www.casessingulars.cat\/ca\/","nextItem":{"@type":"ListItem","@id":"https:\/\/www.casessingulars.cat\/ca\/premsa\/#listItem","name":"Premsa"}},{"@type":"ListItem","@id":"https:\/\/www.casessingulars.cat\/ca\/premsa\/#listItem","position":2,"name":"Premsa","previousItem":{"@type":"ListItem","@id":"https:\/\/www.casessingulars.cat\/ca\/#listItem","name":"Inicio"}}]},{"@type":"Organization","@id":"https:\/\/www.casessingulars.cat\/ca\/#organization","name":"Cases Singulars de l'Empord\u00e0","url":"https:\/\/www.casessingulars.cat\/ca\/"},{"@type":"WebPage","@id":"https:\/\/www.casessingulars.cat\/ca\/premsa\/#webpage","url":"https:\/\/www.casessingulars.cat\/ca\/premsa\/","name":"Premsa | Cases Singulars de l'Empord\u00e0","description":"Diverses publicacions locals, nacionals i estrangeres -especialitzades a ensenyar interiors i exteriors dissenyats amb encant, o en parlar de selectes propostes tur\u00edstiques-, s\u2019han fet ress\u00f2 de l\u2019exist\u00e8ncia de les cases rehabilitades que tenim en venda a l\u2019Empord\u00e0, i ens han dedicat fant\u00e0stics reportatges que et incloem a continuaci\u00f3. Si ets periodista i t\u2019agradaria realitzar un","inLanguage":"ca","isPartOf":{"@id":"https:\/\/www.casessingulars.cat\/ca\/#website"},"breadcrumb":{"@id":"https:\/\/www.casessingulars.cat\/ca\/premsa\/#breadcrumblist"},"datePublished":"2014-12-26T08:42:11+01:00","dateModified":"2026-04-13T11:02:41+02:00"},{"@type":"WebSite","@id":"https:\/\/www.casessingulars.cat\/ca\/#website","url":"https:\/\/www.casessingulars.cat\/ca\/","name":"Cases Singulars de l'Empord\u00e0","inLanguage":"ca","publisher":{"@id":"https:\/\/www.casessingulars.cat\/ca\/#organization"}}]},"og:locale":"ca_ES","og:site_name":"Cases Singulars de l'Empord\u00e0 |","og:type":"article","og:title":"Premsa | Cases Singulars de l'Empord\u00e0","og:description":"Diverses publicacions locals, nacionals i estrangeres -especialitzades a ensenyar interiors i exteriors dissenyats amb encant, o en parlar de selectes propostes tur\u00edstiques-, s\u2019han fet ress\u00f2 de l\u2019exist\u00e8ncia de les cases rehabilitades que tenim en venda a l\u2019Empord\u00e0, i ens han dedicat fant\u00e0stics reportatges que et incloem a continuaci\u00f3. Si ets periodista i t\u2019agradaria realitzar un","og:url":"https:\/\/www.casessingulars.cat\/ca\/premsa\/","article:published_time":"2014-12-26T08:42:11+00:00","article:modified_time":"2026-04-13T09:02:41+00:00","twitter:card":"summary","twitter:title":"Premsa | Cases Singulars de l'Empord\u00e0","twitter:description":"Diverses publicacions locals, nacionals i estrangeres -especialitzades a ensenyar interiors i exteriors dissenyats amb encant, o en parlar de selectes propostes tur\u00edstiques-, s\u2019han fet ress\u00f2 de l\u2019exist\u00e8ncia de les cases rehabilitades que tenim en venda a l\u2019Empord\u00e0, i ens han dedicat fant\u00e0stics reportatges que et incloem a continuaci\u00f3. Si ets periodista i t\u2019agradaria realitzar un"},"aioseo_meta_data":{"post_id":"7207","title":null,"description":null,"keywords":null,"keyphrases":{"focus":{"keyphrase":"","score":0,"analysis":{"keyphraseInTitle":{"score":0,"maxScore":9,"error":1}}},"additional":[]},"primary_term":null,"canonical_url":null,"og_title":null,"og_description":null,"og_object_type":"default","og_image_type":"default","og_image_url":null,"og_image_width":null,"og_image_height":null,"og_image_custom_url":null,"og_image_custom_fields":null,"og_video":"","og_custom_url":null,"og_article_section":null,"og_article_tags":null,"twitter_use_og":false,"twitter_card":"default","twitter_image_type":"default","twitter_image_url":null,"twitter_image_custom_url":null,"twitter_image_custom_fields":null,"twitter_title":null,"twitter_description":null,"schema":{"blockGraphs":[],"customGraphs":[],"default":{"data":{"Article":[],"Course":[],"Dataset":[],"FAQPage":[],"Movie":[],"Person":[],"Product":[],"ProductReview":[],"Car":[],"Recipe":[],"Service":[],"SoftwareApplication":[],"WebPage":{"id":"#aioseo-web-page-6756ed16563ff","slug":"web-page","graphName":"WebPage","label":"P\u00e1gina web","properties":{"type":"WebPage","name":"","description":""}}},"graphName":"WebPage","isEnabled":true},"graphs":[]},"schema_type":"default","schema_type_options":"{\"article\":{\"articleType\":\"BlogPosting\"},\"course\":{\"name\":\"\",\"description\":\"\",\"provider\":\"\"},\"faq\":{\"pages\":[]},\"product\":{\"reviews\":[]},\"recipe\":{\"ingredients\":[],\"instructions\":[],\"keywords\":[]},\"software\":{\"reviews\":[],\"operatingSystems\":[]},\"webPage\":{\"webPageType\":\"WebPage\"}}","pillar_content":false,"robots_default":true,"robots_noindex":false,"robots_noarchive":false,"robots_nosnippet":false,"robots_nofollow":false,"robots_noimageindex":false,"robots_noodp":false,"robots_notranslate":false,"robots_max_snippet":"-1","robots_max_videopreview":"-1","robots_max_imagepreview":"large","priority":null,"frequency":"default","local_seo":null,"breadcrumb_settings":null,"limit_modified_date":false,"ai":{"faqs":[],"keyPoints":[],"titles":[],"descriptions":[],"socialPosts":{"email":[],"linkedin":[],"twitter":[],"facebook":[],"instagram":[]}},"created":"2022-02-08 19:14:49","updated":"2026-04-13 09:11:26","seo_analyzer_scan_date":null},"aioseo_breadcrumb":"<div class=\"aioseo-breadcrumbs\"><span class=\"aioseo-breadcrumb\">\n\t\t\t<a href=\"https:\/\/www.casessingulars.cat\/ca\/\" title=\"Inicio\">Inicio<\/a>\n\t\t<\/span><span class=\"aioseo-breadcrumb-separator\">&raquo;<\/span><span class=\"aioseo-breadcrumb\">\n\t\t\tPremsa\n\t\t<\/span><\/div>","aioseo_breadcrumb_json":[{"label":"Inicio","link":"https:\/\/www.casessingulars.cat\/ca\/"},{"label":"Premsa","link":"https:\/\/www.casessingulars.cat\/ca\/premsa\/"}],"_links":{"self":[{"href":"https:\/\/www.casessingulars.cat\/ca\/wp-json\/wp\/v2\/pages\/7207","targetHints":{"allow":["GET"]}}],"collection":[{"href":"https:\/\/www.casessingulars.cat\/ca\/wp-json\/wp\/v2\/pages"}],"about":[{"href":"https:\/\/www.casessingulars.cat\/ca\/wp-json\/wp\/v2\/types\/page"}],"author":[{"embeddable":true,"href":"https:\/\/www.casessingulars.cat\/ca\/wp-json\/wp\/v2\/users\/1"}],"replies":[{"embeddable":true,"href":"https:\/\/www.casessingulars.cat\/ca\/wp-json\/wp\/v2\/comments?post=7207"}],"version-history":[{"count":0,"href":"https:\/\/www.casessingulars.cat\/ca\/wp-json\/wp\/v2\/pages\/7207\/revisions"}],"wp:attachment":[{"href":"https:\/\/www.casessingulars.cat\/ca\/wp-json\/wp\/v2\/media?parent=7207"}],"curies":[{"name":"wp","href":"https:\/\/api.w.org\/{rel}","templated":true}]}}