{"id":20654,"date":"2024-02-29T11:56:15","date_gmt":"2024-02-29T10:56:15","guid":{"rendered":"https:\/\/www.casessingulars.cat\/?page_id=20654"},"modified":"2026-04-16T14:06:52","modified_gmt":"2026-04-16T12:06:52","slug":"la-bovila-de-pals-2","status":"publish","type":"page","link":"https:\/\/www.casessingulars.cat\/ca\/la-bovila-de-pals-2\/","title":{"rendered":"La B\u00f3vila de Pals 2024"},"content":{"rendered":"<p>[vc_row][vc_column][vc_single_image image=&#8221;21183&#8243; visibility=&#8221;visible-pc&#8221; alt=&#8221;Construcci\u00f3n casas en el Empord\u00e0, Cases Singulars del Empord\u00e0&#8221; custom_style=&#8221;presentacio&#8221;][vc_single_image image=&#8221;21187&#8243; visibility=&#8221;visible-phone&#8221; alt=&#8221;Construcci\u00f3n casas en el Empord\u00e0, Cases Singulars del Empord\u00e0&#8221; custom_style=&#8221;presentacio&#8221;]<hr  class=\"noo-gap\" style=\" margin: 30px 0 0 0;\">[\/vc_column][\/vc_row][vc_row][vc_column][vc_custom_heading text=&#8221;Cases unifamiliars, amb jard\u00ed i piscina individual&#8221; font_container=&#8221;tag:h2|font_size:1.9em|text_align:center&#8221; use_theme_fonts=&#8221;yes&#8221; el_class=&#8221;grueso&#8221;]<hr  class=\"noo-gap\" style=\" margin: 52px 0 0 0;\">[\/vc_column][\/vc_row][vc_row bg_color=&#8221;#f7f7f7&#8243;][vc_column width=&#8221;1\/2&#8243; class=&#8221;ajuste_ancho&#8221;][vc_column_text custom_style=&#8221;padding-top: 4em&#8221;]<\/p>\n<p class=\"p1\">Al centre urb\u00e0 del poble de Pals \u2013 al Carrer Avi Rajoler amb el Carrer Sam\u00e0ria \u2013 amb tots els serveis a l\u2019abast \u2013 comercials, d\u2019oci, restauraci\u00f3, salut i esport \u2013 Cases Singulars de l&#8217;Empord\u00e0 duu a terme la promoci\u00f3 d&#8217; 11 cases unifamiliars, amb jard\u00ed i piscina individual.<\/p>\n<p>[\/vc_column_text][vc_custom_heading text=&#8221;\u00daltim habitatge en venda!&#8221; font_container=&#8221;tag:h5|font_size:20px|text_align:center|color:%23294e40|line_height:36px&#8221; google_fonts=&#8221;font_family:Montserrat%3Aregular%2C700|font_style:700%20bold%20regular%3A700%3Anormal&#8221; el_class=&#8221;text-fade&#8221;][vc_column_text]<\/p>\n<p class=\"p1\">A nom\u00e9s 10 minuts de la platja, amb cotxe, i en un entorn natural privilegiat, oferim l&#8217;\u00faltima casa disponible, habitatge unifamiliar a\u00efllat, de planta baixa i planta primera:<\/p>\n<p>[\/vc_column_text][vc_column_text]<\/p>\n<ul>\n<li>225 m\u00b2 construits<\/li>\n<li>53 m\u00b2 de jard\u00ed<\/li>\n<li>Porxo amb barbacoa<\/li>\n<li>Piscina privada<\/li>\n<li>4 dormitoris tipus suite<\/li>\n<li>5 banys<\/li>\n<li>Porxo Planta 1\u00aa<\/li>\n<li>Parking<\/li>\n<\/ul>\n<p>[\/vc_column_text]<hr  class=\"noo-gap\" >[vc_column_text]<\/p>\n<div style=\"padding: 10px 20px; background: #294e40;\">\n<h5 style=\"text-align: center; color: #fff; line-height: 32px;\"><strong>Preu 995.000 \u20ac moblada<br \/>\nLliurament de claus immediat<\/strong><\/h5>\n<\/div>\n<p>[\/vc_column_text]<hr  class=\"noo-gap\" >[\/vc_column][vc_column width=&#8221;1\/2&#8243; class=&#8221;ajuste_mov&#8221;][vc_single_image image=&#8221;20528&#8243;][\/vc_column][\/vc_row][vc_row][vc_column]<hr  class=\"noo-gap\" style=\" margin: 60px 0 0 0;\">[vc_column_text]<\/p>\n<p class=\"p1\">Oferim diferents tipologies perqu\u00e8 la teva llar sigui ideal per a tu i la teva fam\u00edlia, c\u00f2mode i confortable, una distribuci\u00f3 \u00f2ptima i intel\u00b7ligent de l\u2019espai, una gesti\u00f3 excel\u00b7lent de la llum natural i un curat projecte d\u2019il\u00b7luminaci\u00f3 led.<\/p>\n<p>[\/vc_column_text][vc_column_text]<\/p>\n<p class=\"p1\">El projecte arquitect\u00f2nic, aix\u00ed com el d\u2019interiorisme, \u00e9s de l\u2019estudi Gl\u00f2ria Duran \u00b7 Pol Rigau Arquitectura i Interiorisme amb qu\u00e8 Cases Singulars de l\u2019Empord\u00e0 treballem des de fa m\u00e9s de 10 anys, fent innombrables rehabilitacions de cases de poble i masies a l\u2019Empord\u00e0.<\/p>\n<p>[\/vc_column_text][\/vc_column][\/vc_row][vc_row][vc_column]<hr  class=\"noo-gap\" style=\" margin: 52px 0 0 0;\">[vc_custom_heading text=&#8221;Selecciona tipologia&#8221; font_container=&#8221;tag:h2|font_size:1.9em|text_align:center&#8221; use_theme_fonts=&#8221;yes&#8221; el_class=&#8221;grueso&#8221;]<hr  class=\"noo-gap\" style=\" margin: 52px 0 0 0;\">[vc_row_inner][vc_column_inner width=&#8221;1\/2&#8243;][vc_custom_heading text=&#8221;Casa mostra 3 dormitoris&#8221; font_container=&#8221;tag:h3|font_size:1.4em|text_align:center&#8221; use_theme_fonts=&#8221;yes&#8221; el_class=&#8221;grueso&#8221; css=&#8221;.vc_custom_1761492854703{padding-top: 20px !important;padding-right: 20px !important;padding-bottom: 20px !important;padding-left: 20px !important;background-color: #f7f7f7 !important;}&#8221; link=&#8221;url:%233hab&#8221;][\/vc_column_inner][vc_column_inner width=&#8221;1\/2&#8243;][vc_custom_heading text=&#8221;Casa mostra 5 dormitoris&#8221; font_container=&#8221;tag:h3|font_size:1.4em|text_align:center&#8221; use_theme_fonts=&#8221;yes&#8221; el_class=&#8221;grueso&#8221; css=&#8221;.vc_custom_1761492863203{padding-top: 20px !important;padding-right: 20px !important;padding-bottom: 20px !important;padding-left: 20px !important;background-color: #f7f7f7 !important;}&#8221; link=&#8221;url:%235hab&#8221;][\/vc_column_inner][\/vc_row_inner]<hr  class=\"noo-gap\" style=\" margin: 10px 0 0 0;\">[vc_custom_heading text=&#8221;Casa mostra 3 dormitoris&#8221; font_container=&#8221;tag:h3|font_size:1.4em|text_align:center&#8221; use_theme_fonts=&#8221;yes&#8221; el_class=&#8221;grueso&#8221; css=&#8221;.vc_custom_1761505258272{padding-top: 20px !important;}&#8221; el_id=&#8221;3hab&#8221;][vc_custom_heading text=&#8221;\u00a1NOVETAT!&#8221; font_container=&#8221;tag:p|font_size:1em|text_align:center|color:%23ffffff&#8221; use_theme_fonts=&#8221;yes&#8221; el_class=&#8221;novedad_01&#8243; css=&#8221;.vc_custom_1761552337321{margin-bottom: 30px !important;padding-top: 4px !important;padding-right: 10px !important;padding-bottom: 4px !important;padding-left: 10px !important;background-color: #294e40 !important;}&#8221;][vc_single_image image=&#8221;21191&#8243; class=&#8221;cta-casa-muestra&#8221; href=&#8221;#contacto&#8221;][vc_media_grid element_width=&#8221;3&#8243; grid_id=&#8221;vc_gid:1776341162642-12d13918-61be-7&#8243; include=&#8221;21158,21154,21086,21090,21062,21118,21134,21122,21066,21114,21106,21130,21110,21102,21126,21138,21074,21070,21162,21166,21078,21082,21150,21146,21098,21094&#8243;][vc_single_image image=&#8221;21191&#8243; class=&#8221;cta-casa-muestra-mov&#8221; href=&#8221;#contacto&#8221; el_id=&#8221;#contacto&#8221;]<hr  class=\"noo-gap\" style=\" margin: 52px 0 0 0;\">[vc_custom_heading text=&#8221;Video casa mostra de 3 dormitoris&#8221; font_container=&#8221;tag:h3|font_size:1.4em|text_align:center&#8221; use_theme_fonts=&#8221;yes&#8221; el_class=&#8221;grueso&#8221;]<hr  class=\"noo-gap\" style=\" margin: 52px 0 0 0;\">[vc_column_text]https:\/\/youtu.be\/oFGdEeWClDQ?si=rKzsEznH3ASgW8EQ[\/vc_column_text]<hr  class=\"noo-gap\" style=\" margin: 52px 0 0 0;\">[\/vc_column][\/vc_row][vc_row][vc_column]<hr  class=\"noo-gap\" style=\" margin: 10px 0 0 0;\">[vc_custom_heading text=&#8221;Casa mostra 5 dormitoris&#8221; font_container=&#8221;tag:h3|font_size:1.4em|text_align:center&#8221; use_theme_fonts=&#8221;yes&#8221; el_class=&#8221;grueso&#8221; css=&#8221;.vc_custom_1761552439084{margin-bottom: 30px !important;padding-top: 20px !important;}&#8221; el_id=&#8221;5hab&#8221;][vc_single_image image=&#8221;21195&#8243; class=&#8221;cta-casa-muestra&#8221; href=&#8221;#contacto&#8221;][vc_media_grid element_width=&#8221;3&#8243; grid_id=&#8221;vc_gid:1776341162644-1ac76592-9e3c-1&#8243; include=&#8221;20854,20939,20935,20951,20967,20959,20963,20955,20975,20971,20947,20943,20927,20874,20907,20923,20919,20911,20915,20931,20894,20890&#8243;][vc_single_image image=&#8221;21195&#8243; class=&#8221;cta-casa-muestra-mov&#8221; href=&#8221;#contacto&#8221;]<hr  class=\"noo-gap\" style=\" margin: 52px 0 0 0;\">[vc_custom_heading text=&#8221;Video casa mostra de 5 dormitoris&#8221; font_container=&#8221;tag:h3|font_size:1.4em|text_align:center&#8221; use_theme_fonts=&#8221;yes&#8221; el_class=&#8221;grueso&#8221;]<hr  class=\"noo-gap\" style=\" margin: 52px 0 0 0;\">[vc_column_text]https:\/\/youtu.be\/z1sljBpJOfc[\/vc_column_text]<hr  class=\"noo-gap\" style=\" margin: 52px 0 0 0;\">[\/vc_column][\/vc_row][vc_row][vc_column]<hr  class=\"noo-gap\" style=\" margin: 52px 0 0 0;\">[vc_custom_heading text=&#8221;No dubti en contactar-nos per rebre m\u00e9s informaci\u00f3 o fer visita&#8221; font_container=&#8221;tag:h2|font_size:1.9em|text_align:center&#8221; use_theme_fonts=&#8221;yes&#8221; el_class=&#8221;grueso&#8221; el_id=&#8221;contacto&#8221;]<hr  class=\"noo-gap\" style=\" margin: 52px 0 0 0;\">[\/vc_column][\/vc_row][vc_row][vc_column width=&#8221;1\/4&#8243;][\/vc_column][vc_column width=&#8221;1\/2&#8243; custom_style=&#8221;background: #f7f7f7; padding: 20px 30px;&#8221;]\n<div class=\"wpcf7 no-js\" id=\"wpcf7-f20582-o1\" lang=\"fr-FR\" dir=\"ltr\" data-wpcf7-id=\"20582\">\n<div class=\"screen-reader-response\"><p role=\"status\" aria-live=\"polite\" aria-atomic=\"true\"><\/p> <ul><\/ul><\/div>\n<form action=\"\/ca\/wp-json\/wp\/v2\/pages\/20654#wpcf7-f20582-o1\" method=\"post\" class=\"wpcf7-form init\" aria-label=\"Formulaire de contact\" novalidate=\"novalidate\" data-status=\"init\">\n<fieldset class=\"hidden-fields-container\"><input type=\"hidden\" name=\"_wpcf7\" value=\"20582\" \/><input type=\"hidden\" name=\"_wpcf7_version\" value=\"6.1.4\" \/><input type=\"hidden\" name=\"_wpcf7_locale\" value=\"fr_FR\" \/><input type=\"hidden\" name=\"_wpcf7_unit_tag\" value=\"wpcf7-f20582-o1\" \/><input type=\"hidden\" name=\"_wpcf7_container_post\" value=\"0\" \/><input type=\"hidden\" name=\"_wpcf7_posted_data_hash\" value=\"\" \/><input type=\"hidden\" name=\"_wpcf7_recaptcha_response\" value=\"\" \/>\n<\/fieldset>\n<p>El teu nom (necessari)\n<\/p>\n<p><span class=\"wpcf7-form-control-wrap\" data-name=\"your-name\"><input size=\"40\" maxlength=\"400\" class=\"wpcf7-form-control wpcf7-text wpcf7-validates-as-required\" aria-required=\"true\" aria-invalid=\"false\" value=\"\" type=\"text\" name=\"your-name\" \/><\/span>\n<\/p>\n<p>El teu e-mail (necessari)\n<\/p>\n<p><span class=\"wpcf7-form-control-wrap\" data-name=\"your-email\"><input size=\"40\" maxlength=\"400\" class=\"wpcf7-form-control wpcf7-email wpcf7-validates-as-required wpcf7-text wpcf7-validates-as-email\" aria-required=\"true\" aria-invalid=\"false\" value=\"\" type=\"email\" name=\"your-email\" \/><\/span>\n<\/p>\n<p>El teu missatge\n<\/p>\n<p><span class=\"wpcf7-form-control-wrap\" data-name=\"your-message\"><textarea cols=\"40\" rows=\"10\" maxlength=\"2000\" class=\"wpcf7-form-control wpcf7-textarea\" aria-invalid=\"false\" name=\"your-message\"><\/textarea><\/span>\n<\/p>\n<p><input class=\"wpcf7-form-control wpcf7-submit has-spinner\" type=\"submit\" value=\"Enviar formulari\" \/>\n<\/p><p style=\"display: none !important;\" class=\"akismet-fields-container\" data-prefix=\"_wpcf7_ak_\"><label>&#916;<textarea name=\"_wpcf7_ak_hp_textarea\" cols=\"45\" rows=\"8\" maxlength=\"100\"><\/textarea><\/label><input type=\"hidden\" id=\"ak_js_1\" name=\"_wpcf7_ak_js\" value=\"69\"\/><script>document.getElementById( \"ak_js_1\" ).setAttribute( \"value\", ( new Date() ).getTime() );<\/script><\/p><div class=\"wpcf7-response-output\" aria-hidden=\"true\"><\/div>\n<\/form>\n<\/div>\n[\/vc_column][vc_column width=&#8221;1\/4&#8243;][\/vc_column][\/vc_row][vc_row][vc_column custom_style=&#8221;padding-left:0; padding-right: 0;&#8221;]<hr  class=\"noo-gap\" style=\" margin: 52px 0 0 0;\">[vc_single_image image=&#8221;20549&#8243;][\/vc_column][\/vc_row]<\/p>\n","protected":false},"excerpt":{"rendered":"<p>[vc_row][vc_column][vc_single_image image=&#8221;21183&#8243; visibility=&#8221;visible-pc&#8221; alt=&#8221;Construcci\u00f3n casas en el Empord\u00e0, Cases Singulars del Empord\u00e0&#8221; custom_style=&#8221;presentacio&#8221;][vc_single_image image=&#8221;21187&#8243; visibility=&#8221;visible-phone&#8221; alt=&#8221;Construcci\u00f3n casas en el Empord\u00e0, Cases Singulars del Empord\u00e0&#8221; custom_style=&#8221;presentacio&#8221;][\/vc_column][\/vc_row][vc_row][vc_column][vc_custom_heading text=&#8221;Cases unifamiliars, amb jard\u00ed i piscina individual&#8221; font_container=&#8221;tag:h2|font_size:1.9em|text_align:center&#8221; use_theme_fonts=&#8221;yes&#8221; el_class=&#8221;grueso&#8221;][\/vc_column][\/vc_row][vc_row bg_color=&#8221;#f7f7f7&#8243;][vc_column width=&#8221;1\/2&#8243; class=&#8221;ajuste_ancho&#8221;][vc_column_text custom_style=&#8221;padding-top: 4em&#8221;] Al centre urb\u00e0 del poble de Pals \u2013 al Carrer Avi Rajoler amb el Carrer Sam\u00e0ria \u2013 amb tots els&#8230;<\/p>\n<div><a href=\"https:\/\/www.casessingulars.cat\/ca\/la-bovila-de-pals-2\/\" class=\"read-more\">Read More <i class=\"fa fa-arrow-circle-o-right\"><\/i><\/a><\/div>\n","protected":false},"author":6,"featured_media":0,"parent":0,"menu_order":0,"comment_status":"closed","ping_status":"closed","template":"","meta":{"footnotes":""},"class_list":["post-20654","page","type-page","status-publish","hentry","no-featured"],"aioseo_notices":[],"_links":{"self":[{"href":"https:\/\/www.casessingulars.cat\/ca\/wp-json\/wp\/v2\/pages\/20654","targetHints":{"allow":["GET"]}}],"collection":[{"href":"https:\/\/www.casessingulars.cat\/ca\/wp-json\/wp\/v2\/pages"}],"about":[{"href":"https:\/\/www.casessingulars.cat\/ca\/wp-json\/wp\/v2\/types\/page"}],"author":[{"embeddable":true,"href":"https:\/\/www.casessingulars.cat\/ca\/wp-json\/wp\/v2\/users\/6"}],"replies":[{"embeddable":true,"href":"https:\/\/www.casessingulars.cat\/ca\/wp-json\/wp\/v2\/comments?post=20654"}],"version-history":[{"count":0,"href":"https:\/\/www.casessingulars.cat\/ca\/wp-json\/wp\/v2\/pages\/20654\/revisions"}],"wp:attachment":[{"href":"https:\/\/www.casessingulars.cat\/ca\/wp-json\/wp\/v2\/media?parent=20654"}],"curies":[{"name":"wp","href":"https:\/\/api.w.org\/{rel}","templated":true}]}}